{"id":587,"date":"2022-11-16T14:45:25","date_gmt":"2022-11-16T13:45:25","guid":{"rendered":"https:\/\/www.gardendesign-wemmel.be\/notre-equipe\/"},"modified":"2026-02-20T16:10:21","modified_gmt":"2026-02-20T15:10:21","slug":"notre-equipe","status":"publish","type":"page","link":"https:\/\/www.gardendesign-wemmel.be\/fr\/notre-equipe\/","title":{"rendered":"Notre equipe"},"content":{"rendered":"\t\t<div data-elementor-type=\"wp-page\" data-elementor-id=\"587\" class=\"elementor elementor-587 elementor-93\">\n\t\t\t\t\t\t\t\t\t<section class=\"elementor-section elementor-top-section elementor-element elementor-element-4a2f680d elementor-section-full_width banner bannerpage elementor-section-height-default elementor-section-height-default\" data-id=\"4a2f680d\" data-element_type=\"section\" data-settings=\"{&quot;background_background&quot;:&quot;classic&quot;}\">\n\t\t\t\t\t\t<div class=\"elementor-container elementor-column-gap-default\">\n\t\t\t\t\t<div class=\"elementor-column elementor-col-100 elementor-top-column elementor-element elementor-element-5ca4e289\" data-id=\"5ca4e289\" data-element_type=\"column\">\n\t\t\t<div class=\"elementor-widget-wrap elementor-element-populated\">\n\t\t\t\t\t\t\t\t<div class=\"elementor-element elementor-element-43514f1a banner_overlay elementor-widget elementor-widget-text-editor\" data-id=\"43514f1a\" data-element_type=\"widget\" data-widget_type=\"text-editor.default\">\n\t\t\t\t<div class=\"elementor-widget-container\">\n\t\t\t<style>\/*! elementor - v3.17.0 - 08-11-2023 *\/\n.elementor-widget-text-editor.elementor-drop-cap-view-stacked .elementor-drop-cap{background-color:#69727d;color:#fff}.elementor-widget-text-editor.elementor-drop-cap-view-framed .elementor-drop-cap{color:#69727d;border:3px solid;background-color:transparent}.elementor-widget-text-editor:not(.elementor-drop-cap-view-default) .elementor-drop-cap{margin-top:8px}.elementor-widget-text-editor:not(.elementor-drop-cap-view-default) .elementor-drop-cap-letter{width:1em;height:1em}.elementor-widget-text-editor .elementor-drop-cap{float:left;text-align:center;line-height:1;font-size:50px}.elementor-widget-text-editor .elementor-drop-cap-letter{display:inline-block}<\/style>\t\t\t\t<h1>L&rsquo;\u00e9quipe de Garden Design<\/h1>\t\t\t\t\t\t<\/div>\n\t\t\t\t<\/div>\n\t\t\t\t\t<\/div>\n\t\t<\/div>\n\t\t\t\t\t\t\t<\/div>\n\t\t<\/section>\n\t\t\t\t<section class=\"elementor-section elementor-top-section elementor-element elementor-element-60ef0417 elementor-section-content-middle rij2_home rij2 elementor-section-full_width elementor-section-height-default elementor-section-height-default\" data-id=\"60ef0417\" data-element_type=\"section\" data-settings=\"{&quot;background_background&quot;:&quot;classic&quot;}\">\n\t\t\t\t\t\t<div class=\"elementor-container elementor-column-gap-default\">\n\t\t\t\t\t<div class=\"elementor-column elementor-col-33 elementor-top-column elementor-element elementor-element-87d1829\" data-id=\"87d1829\" data-element_type=\"column\">\n\t\t\t<div class=\"elementor-widget-wrap elementor-element-populated\">\n\t\t\t\t\t\t\t\t<div class=\"elementor-element elementor-element-46a644bf elementor-widget elementor-widget-text-editor\" data-id=\"46a644bf\" data-element_type=\"widget\" data-widget_type=\"text-editor.default\">\n\t\t\t\t<div class=\"elementor-widget-container\">\n\t\t\t\t\t\t\t<h2>Une passion pour les jardins!<\/h2><p>l y a plus de 25 ans, Patrick Schodts fit de Garden design une entreprise r\u00e9f\u00e9rence tant pour <strong>\u00e9laborer des jardins<\/strong>, que pour les <strong>mettre en \u0153uvre<\/strong> et les <strong>entretenir<\/strong>, que ce soit chez les particuliers ou dans les entreprises.<\/p><p>C&rsquo;est la passion des espaces verts et des beaux jardins, combin\u00e9e au go\u00fbt du travail men\u00e9 \u00e0 la perfection qui a d\u00e9j\u00e0 r\u00e9uni 6 collaborateurs au sein de Garden Design. C&rsquo;est ainsi que Garden design n&rsquo;a pas son pareil pour mener \u00e0 bien, d&rsquo;un bout \u00e0 l&rsquo;autre, n&rsquo;importe quel projet \u00e0 la plus grande satisfaction de ses clients.<\/p>\t\t\t\t\t\t<\/div>\n\t\t\t\t<\/div>\n\t\t\t\t\t<\/div>\n\t\t<\/div>\n\t\t\t\t<div class=\"elementor-column elementor-col-33 elementor-top-column elementor-element elementor-element-baf1f85\" data-id=\"baf1f85\" data-element_type=\"column\">\n\t\t\t<div class=\"elementor-widget-wrap elementor-element-populated\">\n\t\t\t\t\t\t\t\t<div class=\"elementor-element elementor-element-a2fdb7b knop_bol elementor-widget elementor-widget-text-editor\" data-id=\"a2fdb7b\" data-element_type=\"widget\" data-widget_type=\"text-editor.default\">\n\t\t\t\t<div class=\"elementor-widget-container\">\n\t\t\t\t\t\t\t<a href=\"https:\/\/www.gardendesign-wemmel.be\/fr\/contact\/\">Travailler chez Garden Design<\/a>\t\t\t\t\t\t<\/div>\n\t\t\t\t<\/div>\n\t\t\t\t\t<\/div>\n\t\t<\/div>\n\t\t\t\t<div class=\"elementor-column elementor-col-33 elementor-top-column elementor-element elementor-element-5f872200\" data-id=\"5f872200\" data-element_type=\"column\">\n\t\t\t<div class=\"elementor-widget-wrap elementor-element-populated\">\n\t\t\t\t\t\t\t\t<div class=\"elementor-element elementor-element-60b87e79 elementor-widget elementor-widget-image\" data-id=\"60b87e79\" data-element_type=\"widget\" data-widget_type=\"image.default\">\n\t\t\t\t<div class=\"elementor-widget-container\">\n\t\t\t<style>\/*! elementor - v3.17.0 - 08-11-2023 *\/\n.elementor-widget-image{text-align:center}.elementor-widget-image a{display:inline-block}.elementor-widget-image a img[src$=\".svg\"]{width:48px}.elementor-widget-image img{vertical-align:middle;display:inline-block}<\/style>\t\t\t\t\t\t\t\t\t\t\t\t<img loading=\"lazy\" decoding=\"async\" width=\"683\" height=\"1024\" src=\"https:\/\/www.gardendesign-wemmel.be\/wp-content\/uploads\/2022\/12\/contacteer-garden-design-wemmel-683x1024.webp\" class=\"attachment-large size-large wp-image-505\" alt=\"\" srcset=\"https:\/\/www.gardendesign-wemmel.be\/wp-content\/uploads\/2022\/12\/contacteer-garden-design-wemmel-683x1024.webp 683w, https:\/\/www.gardendesign-wemmel.be\/wp-content\/uploads\/2022\/12\/contacteer-garden-design-wemmel-200x300.webp 200w, https:\/\/www.gardendesign-wemmel.be\/wp-content\/uploads\/2022\/12\/contacteer-garden-design-wemmel-768x1152.webp 768w, https:\/\/www.gardendesign-wemmel.be\/wp-content\/uploads\/2022\/12\/contacteer-garden-design-wemmel.webp 1000w\" sizes=\"(max-width: 683px) 100vw, 683px\" \/>\t\t\t\t\t\t\t\t\t\t\t\t\t\t\t<\/div>\n\t\t\t\t<\/div>\n\t\t\t\t\t<\/div>\n\t\t<\/div>\n\t\t\t\t\t\t\t<\/div>\n\t\t<\/section>\n\t\t\t\t<section class=\"elementor-section elementor-top-section elementor-element elementor-element-6eb6aeea rij_service elementor-section-full_width elementor-section-height-default elementor-section-height-default\" data-id=\"6eb6aeea\" data-element_type=\"section\" data-settings=\"{&quot;background_background&quot;:&quot;classic&quot;}\">\n\t\t\t\t\t\t<div class=\"elementor-container elementor-column-gap-default\">\n\t\t\t\t\t<div class=\"elementor-column elementor-col-100 elementor-top-column elementor-element elementor-element-5f3a234b\" data-id=\"5f3a234b\" data-element_type=\"column\">\n\t\t\t<div class=\"elementor-widget-wrap elementor-element-populated\">\n\t\t\t\t\t\t\t\t<div class=\"elementor-element elementor-element-456e95a4 tekstvlak elementor-widget elementor-widget-text-editor\" data-id=\"456e95a4\" data-element_type=\"widget\" data-widget_type=\"text-editor.default\">\n\t\t\t\t<div class=\"elementor-widget-container\">\n\t\t\t\t\t\t\t<h3>Continuit\u00e9 assur\u00e9e<\/h3><p>Il y a quelques ann\u00e9es, son fils Kenny rejoignit Garden design. Ces deux entrepreneurs ont une formation d&rsquo;architectes -paysagistes. C&rsquo;est dire que la continuit\u00e9 est assur\u00e9e pour les g\u00e9n\u00e9rations futures.<\/p>\t\t\t\t\t\t<\/div>\n\t\t\t\t<\/div>\n\t\t\t\t\t<\/div>\n\t\t<\/div>\n\t\t\t\t\t\t\t<\/div>\n\t\t<\/section>\n\t\t\t\t<section class=\"elementor-section elementor-top-section elementor-element elementor-element-762de66 rij_service service_rechts elementor-section-full_width elementor-section-height-default elementor-section-height-default\" data-id=\"762de66\" data-element_type=\"section\" data-settings=\"{&quot;background_background&quot;:&quot;classic&quot;}\">\n\t\t\t\t\t\t<div class=\"elementor-container elementor-column-gap-default\">\n\t\t\t\t\t<div class=\"elementor-column elementor-col-100 elementor-top-column elementor-element elementor-element-a9099d2\" data-id=\"a9099d2\" data-element_type=\"column\">\n\t\t\t<div class=\"elementor-widget-wrap elementor-element-populated\">\n\t\t\t\t\t\t\t\t<div class=\"elementor-element elementor-element-4a34492 tekstvlak rechts elementor-widget elementor-widget-text-editor\" data-id=\"4a34492\" data-element_type=\"widget\" data-widget_type=\"text-editor.default\">\n\t\t\t\t<div class=\"elementor-widget-container\">\n\t\t\t\t\t\t\t<h3>\u00c9quipe fiable<\/h3><p>Tels sont les piliers de Garden Design: une solide \u00e9quipe de sp\u00e9cialistes, dont la formation est renforc\u00e9e par l&rsquo;exp\u00e9rience.<\/p><p>En outre, Garden Design est un placeur attitr\u00e9 de la firme Stone &amp; Style by Ebema.Stone &amp; Style by Ebema.<\/p>\t\t\t\t\t\t<\/div>\n\t\t\t\t<\/div>\n\t\t\t\t\t<\/div>\n\t\t<\/div>\n\t\t\t\t\t\t\t<\/div>\n\t\t<\/section>\n\t\t\t\t\t\t\t<\/div>\n\t\t","protected":false},"excerpt":{"rendered":"<p>L&rsquo;\u00e9quipe de Garden Design Une passion pour les jardins! l y a plus de 25 ans, Patrick Schodts fit de Garden design une entreprise r\u00e9f\u00e9rence tant pour \u00e9laborer des jardins, que pour les mettre en \u0153uvre et les entretenir, que ce soit chez les particuliers ou dans les entreprises. C&rsquo;est la passion des espaces verts [&hellip;]<\/p>\n","protected":false},"author":1,"featured_media":0,"parent":0,"menu_order":0,"comment_status":"closed","ping_status":"closed","template":"","meta":{"_eb_attr":"","footnotes":""},"yoast_head":"<!-- This site is optimized with the Yoast SEO plugin v21.5 - https:\/\/yoast.com\/wordpress\/plugins\/seo\/ -->\n<title>Notre equipe - Garden Design - Wemmel<\/title>\n<meta name=\"robots\" content=\"index, follow, max-snippet:-1, max-image-preview:large, max-video-preview:-1\" \/>\n<link rel=\"canonical\" href=\"https:\/\/www.gardendesign-wemmel.be\/fr\/notre-equipe\/\" \/>\n<meta property=\"og:locale\" content=\"fr_FR\" \/>\n<meta property=\"og:type\" content=\"article\" \/>\n<meta property=\"og:title\" content=\"Notre equipe - Garden Design - Wemmel\" \/>\n<meta property=\"og:description\" content=\"L&rsquo;\u00e9quipe de Garden Design Une passion pour les jardins! l y a plus de 25 ans, Patrick Schodts fit de Garden design une entreprise r\u00e9f\u00e9rence tant pour \u00e9laborer des jardins, que pour les mettre en \u0153uvre et les entretenir, que ce soit chez les particuliers ou dans les entreprises. C&rsquo;est la passion des espaces verts [&hellip;]\" \/>\n<meta property=\"og:url\" content=\"https:\/\/www.gardendesign-wemmel.be\/fr\/notre-equipe\/\" \/>\n<meta property=\"og:site_name\" content=\"Garden Design - Wemmel\" \/>\n<meta property=\"article:modified_time\" content=\"2026-02-20T15:10:21+00:00\" \/>\n<meta property=\"og:image\" content=\"https:\/\/www.gardendesign-wemmel.be\/wp-content\/uploads\/2022\/12\/contacteer-garden-design-wemmel-683x1024.webp\" \/>\n<meta name=\"twitter:card\" content=\"summary_large_image\" \/>\n<meta name=\"twitter:label1\" content=\"Dur\u00e9e de lecture estim\u00e9e\" \/>\n\t<meta name=\"twitter:data1\" content=\"2 minutes\" \/>\n<script type=\"application\/ld+json\" class=\"yoast-schema-graph\">{\"@context\":\"https:\/\/schema.org\",\"@graph\":[{\"@type\":\"WebPage\",\"@id\":\"https:\/\/www.gardendesign-wemmel.be\/fr\/notre-equipe\/\",\"url\":\"https:\/\/www.gardendesign-wemmel.be\/fr\/notre-equipe\/\",\"name\":\"Notre equipe - Garden Design - Wemmel\",\"isPartOf\":{\"@id\":\"https:\/\/www.gardendesign-wemmel.be\/fr\/#website\"},\"datePublished\":\"2022-11-16T13:45:25+00:00\",\"dateModified\":\"2026-02-20T15:10:21+00:00\",\"breadcrumb\":{\"@id\":\"https:\/\/www.gardendesign-wemmel.be\/fr\/notre-equipe\/#breadcrumb\"},\"inLanguage\":\"fr-FR\",\"potentialAction\":[{\"@type\":\"ReadAction\",\"target\":[\"https:\/\/www.gardendesign-wemmel.be\/fr\/notre-equipe\/\"]}]},{\"@type\":\"BreadcrumbList\",\"@id\":\"https:\/\/www.gardendesign-wemmel.be\/fr\/notre-equipe\/#breadcrumb\",\"itemListElement\":[{\"@type\":\"ListItem\",\"position\":1,\"name\":\"Home\",\"item\":\"https:\/\/www.gardendesign-wemmel.be\/fr\/\"},{\"@type\":\"ListItem\",\"position\":2,\"name\":\"Notre equipe\"}]},{\"@type\":\"WebSite\",\"@id\":\"https:\/\/www.gardendesign-wemmel.be\/fr\/#website\",\"url\":\"https:\/\/www.gardendesign-wemmel.be\/fr\/\",\"name\":\"Garden Design - Wemmel\",\"description\":\"\",\"potentialAction\":[{\"@type\":\"SearchAction\",\"target\":{\"@type\":\"EntryPoint\",\"urlTemplate\":\"https:\/\/www.gardendesign-wemmel.be\/fr\/?s={search_term_string}\"},\"query-input\":\"required name=search_term_string\"}],\"inLanguage\":\"fr-FR\"}]}<\/script>\n<!-- \/ Yoast SEO plugin. -->","yoast_head_json":{"title":"Notre equipe - Garden Design - Wemmel","robots":{"index":"index","follow":"follow","max-snippet":"max-snippet:-1","max-image-preview":"max-image-preview:large","max-video-preview":"max-video-preview:-1"},"canonical":"https:\/\/www.gardendesign-wemmel.be\/fr\/notre-equipe\/","og_locale":"fr_FR","og_type":"article","og_title":"Notre equipe - Garden Design - Wemmel","og_description":"L&rsquo;\u00e9quipe de Garden Design Une passion pour les jardins! l y a plus de 25 ans, Patrick Schodts fit de Garden design une entreprise r\u00e9f\u00e9rence tant pour \u00e9laborer des jardins, que pour les mettre en \u0153uvre et les entretenir, que ce soit chez les particuliers ou dans les entreprises. C&rsquo;est la passion des espaces verts [&hellip;]","og_url":"https:\/\/www.gardendesign-wemmel.be\/fr\/notre-equipe\/","og_site_name":"Garden Design - Wemmel","article_modified_time":"2026-02-20T15:10:21+00:00","og_image":[{"url":"https:\/\/www.gardendesign-wemmel.be\/wp-content\/uploads\/2022\/12\/contacteer-garden-design-wemmel-683x1024.webp"}],"twitter_card":"summary_large_image","twitter_misc":{"Dur\u00e9e de lecture estim\u00e9e":"2 minutes"},"schema":{"@context":"https:\/\/schema.org","@graph":[{"@type":"WebPage","@id":"https:\/\/www.gardendesign-wemmel.be\/fr\/notre-equipe\/","url":"https:\/\/www.gardendesign-wemmel.be\/fr\/notre-equipe\/","name":"Notre equipe - Garden Design - Wemmel","isPartOf":{"@id":"https:\/\/www.gardendesign-wemmel.be\/fr\/#website"},"datePublished":"2022-11-16T13:45:25+00:00","dateModified":"2026-02-20T15:10:21+00:00","breadcrumb":{"@id":"https:\/\/www.gardendesign-wemmel.be\/fr\/notre-equipe\/#breadcrumb"},"inLanguage":"fr-FR","potentialAction":[{"@type":"ReadAction","target":["https:\/\/www.gardendesign-wemmel.be\/fr\/notre-equipe\/"]}]},{"@type":"BreadcrumbList","@id":"https:\/\/www.gardendesign-wemmel.be\/fr\/notre-equipe\/#breadcrumb","itemListElement":[{"@type":"ListItem","position":1,"name":"Home","item":"https:\/\/www.gardendesign-wemmel.be\/fr\/"},{"@type":"ListItem","position":2,"name":"Notre equipe"}]},{"@type":"WebSite","@id":"https:\/\/www.gardendesign-wemmel.be\/fr\/#website","url":"https:\/\/www.gardendesign-wemmel.be\/fr\/","name":"Garden Design - Wemmel","description":"","potentialAction":[{"@type":"SearchAction","target":{"@type":"EntryPoint","urlTemplate":"https:\/\/www.gardendesign-wemmel.be\/fr\/?s={search_term_string}"},"query-input":"required name=search_term_string"}],"inLanguage":"fr-FR"}]}},"_links":{"self":[{"href":"https:\/\/www.gardendesign-wemmel.be\/fr\/wp-json\/wp\/v2\/pages\/587"}],"collection":[{"href":"https:\/\/www.gardendesign-wemmel.be\/fr\/wp-json\/wp\/v2\/pages"}],"about":[{"href":"https:\/\/www.gardendesign-wemmel.be\/fr\/wp-json\/wp\/v2\/types\/page"}],"author":[{"embeddable":true,"href":"https:\/\/www.gardendesign-wemmel.be\/fr\/wp-json\/wp\/v2\/users\/1"}],"replies":[{"embeddable":true,"href":"https:\/\/www.gardendesign-wemmel.be\/fr\/wp-json\/wp\/v2\/comments?post=587"}],"version-history":[{"count":10,"href":"https:\/\/www.gardendesign-wemmel.be\/fr\/wp-json\/wp\/v2\/pages\/587\/revisions"}],"predecessor-version":[{"id":2019,"href":"https:\/\/www.gardendesign-wemmel.be\/fr\/wp-json\/wp\/v2\/pages\/587\/revisions\/2019"}],"wp:attachment":[{"href":"https:\/\/www.gardendesign-wemmel.be\/fr\/wp-json\/wp\/v2\/media?parent=587"}],"curies":[{"name":"wp","href":"https:\/\/api.w.org\/{rel}","templated":true}]}}