{"id":592,"date":"2022-11-16T14:46:17","date_gmt":"2022-11-16T13:46:17","guid":{"rendered":"https:\/\/www.gardendesign-wemmel.be\/services\/architecture-de-jardin\/"},"modified":"2022-12-12T15:26:55","modified_gmt":"2022-12-12T14:26:55","slug":"architecture-de-jardin","status":"publish","type":"page","link":"https:\/\/www.gardendesign-wemmel.be\/fr\/services\/architecture-de-jardin\/","title":{"rendered":"Architecture de jardin"},"content":{"rendered":"\t\t<div data-elementor-type=\"wp-page\" data-elementor-id=\"592\" class=\"elementor elementor-592 elementor-97\">\n\t\t\t\t\t\t\t\t\t<section class=\"elementor-section elementor-top-section elementor-element elementor-element-24cf0f4b elementor-section-full_width banner bannerpage elementor-section-height-default elementor-section-height-default\" data-id=\"24cf0f4b\" data-element_type=\"section\" data-settings=\"{&quot;background_background&quot;:&quot;classic&quot;}\">\n\t\t\t\t\t\t<div class=\"elementor-container elementor-column-gap-default\">\n\t\t\t\t\t<div class=\"elementor-column elementor-col-100 elementor-top-column elementor-element elementor-element-31e27ad6\" data-id=\"31e27ad6\" data-element_type=\"column\">\n\t\t\t<div class=\"elementor-widget-wrap elementor-element-populated\">\n\t\t\t\t\t\t\t\t<div class=\"elementor-element elementor-element-6c8469c6 banner_overlay elementor-widget elementor-widget-text-editor\" data-id=\"6c8469c6\" data-element_type=\"widget\" data-widget_type=\"text-editor.default\">\n\t\t\t\t<div class=\"elementor-widget-container\">\n\t\t\t<style>\/*! elementor - v3.17.0 - 08-11-2023 *\/\n.elementor-widget-text-editor.elementor-drop-cap-view-stacked .elementor-drop-cap{background-color:#69727d;color:#fff}.elementor-widget-text-editor.elementor-drop-cap-view-framed .elementor-drop-cap{color:#69727d;border:3px solid;background-color:transparent}.elementor-widget-text-editor:not(.elementor-drop-cap-view-default) .elementor-drop-cap{margin-top:8px}.elementor-widget-text-editor:not(.elementor-drop-cap-view-default) .elementor-drop-cap-letter{width:1em;height:1em}.elementor-widget-text-editor .elementor-drop-cap{float:left;text-align:center;line-height:1;font-size:50px}.elementor-widget-text-editor .elementor-drop-cap-letter{display:inline-block}<\/style>\t\t\t\t<h1>Architecture de jardin<\/h1>\t\t\t\t\t\t<\/div>\n\t\t\t\t<\/div>\n\t\t\t\t\t<\/div>\n\t\t<\/div>\n\t\t\t\t\t\t\t<\/div>\n\t\t<\/section>\n\t\t\t\t<section class=\"elementor-section elementor-top-section elementor-element elementor-element-3a70b915 elementor-section-content-middle rij2_home rij2 elementor-section-full_width elementor-section-height-default elementor-section-height-default\" data-id=\"3a70b915\" data-element_type=\"section\" data-settings=\"{&quot;background_background&quot;:&quot;classic&quot;}\">\n\t\t\t\t\t\t<div class=\"elementor-container elementor-column-gap-default\">\n\t\t\t\t\t<div class=\"elementor-column elementor-col-33 elementor-top-column elementor-element elementor-element-2c767b5f\" data-id=\"2c767b5f\" data-element_type=\"column\">\n\t\t\t<div class=\"elementor-widget-wrap elementor-element-populated\">\n\t\t\t\t\t\t\t\t<div class=\"elementor-element elementor-element-4cd6c419 elementor-widget elementor-widget-text-editor\" data-id=\"4cd6c419\" data-element_type=\"widget\" data-widget_type=\"text-editor.default\">\n\t\t\t\t<div class=\"elementor-widget-container\">\n\t\t\t\t\t\t\t<h2>Faites am\u00e9nager votre jardin<\/h2>\nPatrick tout autant que Kenny sont des architectes de jardin reconnus. C&rsquo;est avec vous qu&rsquo;ils veilleront \u00e0 l&rsquo;\u00e9laboration de votre projet de jardin. C&rsquo;est avec vous qu&rsquo;ils proc\u00e9deront \u00e0 sa mise sur pied concr\u00e8te, en dressant un plan qui comportera une liste de mat\u00e9riaux dans le contexte d&rsquo;un plan r\u00e9alis\u00e9 en 3D.\t\t\t\t\t\t<\/div>\n\t\t\t\t<\/div>\n\t\t\t\t\t<\/div>\n\t\t<\/div>\n\t\t\t\t<div class=\"elementor-column elementor-col-33 elementor-top-column elementor-element elementor-element-10cedaa\" data-id=\"10cedaa\" data-element_type=\"column\">\n\t\t\t<div class=\"elementor-widget-wrap elementor-element-populated\">\n\t\t\t\t\t\t\t\t<div class=\"elementor-element elementor-element-4f69b226 knop_bol elementor-widget elementor-widget-text-editor\" data-id=\"4f69b226\" data-element_type=\"widget\" data-widget_type=\"text-editor.default\">\n\t\t\t\t<div class=\"elementor-widget-container\">\n\t\t\t\t\t\t\t<a href=\"https:\/\/www.gardendesign-wemmel.be\/fr\/contact\/\">Faire am\u00e9nager mon jardin<\/a>\t\t\t\t\t\t<\/div>\n\t\t\t\t<\/div>\n\t\t\t\t\t<\/div>\n\t\t<\/div>\n\t\t\t\t<div class=\"elementor-column elementor-col-33 elementor-top-column elementor-element elementor-element-44dfd845\" data-id=\"44dfd845\" data-element_type=\"column\">\n\t\t\t<div class=\"elementor-widget-wrap elementor-element-populated\">\n\t\t\t\t\t\t\t\t<div class=\"elementor-element elementor-element-8445980 elementor-widget elementor-widget-video\" data-id=\"8445980\" data-element_type=\"widget\" data-settings=\"{&quot;video_type&quot;:&quot;hosted&quot;,&quot;autoplay&quot;:&quot;yes&quot;,&quot;play_on_mobile&quot;:&quot;yes&quot;,&quot;mute&quot;:&quot;yes&quot;,&quot;loop&quot;:&quot;yes&quot;,&quot;controls&quot;:&quot;yes&quot;}\" data-widget_type=\"video.default\">\n\t\t\t\t<div class=\"elementor-widget-container\">\n\t\t\t<style>\/*! elementor - v3.17.0 - 08-11-2023 *\/\n.elementor-widget-video .elementor-widget-container{overflow:hidden;transform:translateZ(0)}.elementor-widget-video .elementor-wrapper{aspect-ratio:var(--video-aspect-ratio)}.elementor-widget-video .elementor-wrapper iframe,.elementor-widget-video .elementor-wrapper video{height:100%;width:100%;display:flex;border:none;background-color:#000}@supports not (aspect-ratio:1\/1){.elementor-widget-video .elementor-wrapper{position:relative;overflow:hidden;height:0;padding-bottom:calc(100% \/ var(--video-aspect-ratio))}.elementor-widget-video .elementor-wrapper iframe,.elementor-widget-video .elementor-wrapper video{position:absolute;top:0;right:0;bottom:0;left:0}}.elementor-widget-video .elementor-open-inline .elementor-custom-embed-image-overlay{position:absolute;top:0;right:0;bottom:0;left:0;background-size:cover;background-position:50%}.elementor-widget-video .elementor-custom-embed-image-overlay{cursor:pointer;text-align:center}.elementor-widget-video .elementor-custom-embed-image-overlay:hover .elementor-custom-embed-play i{opacity:1}.elementor-widget-video .elementor-custom-embed-image-overlay img{display:block;width:100%;aspect-ratio:var(--video-aspect-ratio);-o-object-fit:cover;object-fit:cover;-o-object-position:center center;object-position:center center}@supports not (aspect-ratio:1\/1){.elementor-widget-video .elementor-custom-embed-image-overlay{position:relative;overflow:hidden;height:0;padding-bottom:calc(100% \/ var(--video-aspect-ratio))}.elementor-widget-video .elementor-custom-embed-image-overlay img{position:absolute;top:0;right:0;bottom:0;left:0}}.elementor-widget-video .e-hosted-video .elementor-video{-o-object-fit:cover;object-fit:cover}.e-con-inner>.elementor-widget-video,.e-con>.elementor-widget-video{width:var(--container-widget-width);--flex-grow:var(--container-widget-flex-grow)}<\/style>\t\t<div class=\"e-hosted-video elementor-wrapper elementor-open-inline\">\n\t\t\t\t\t<video class=\"elementor-video\" src=\"https:\/\/www.gardendesign-wemmel.be\/Tuinarchitectuur-tuiden-garden-design.mp4\" autoplay=\"\" loop=\"\" controls=\"\" muted=\"muted\" playsinline=\"\" controlsList=\"nodownload\"><\/video>\n\t\t\t\t<\/div>\n\t\t\t\t<\/div>\n\t\t\t\t<\/div>\n\t\t\t\t\t<\/div>\n\t\t<\/div>\n\t\t\t\t\t\t\t<\/div>\n\t\t<\/section>\n\t\t\t\t\t\t\t<\/div>\n\t\t","protected":false},"excerpt":{"rendered":"<p>Architecture de jardin Faites am\u00e9nager votre jardin Patrick tout autant que Kenny sont des architectes de jardin reconnus. C&rsquo;est avec vous qu&rsquo;ils veilleront \u00e0 l&rsquo;\u00e9laboration de votre projet de jardin. C&rsquo;est avec vous qu&rsquo;ils proc\u00e9deront \u00e0 sa mise sur pied concr\u00e8te, en dressant un plan qui comportera une liste de mat\u00e9riaux dans le contexte d&rsquo;un [&hellip;]<\/p>\n","protected":false},"author":1,"featured_media":0,"parent":591,"menu_order":0,"comment_status":"closed","ping_status":"closed","template":"","meta":{"_eb_attr":"","footnotes":""},"yoast_head":"<!-- This site is optimized with the Yoast SEO plugin v21.5 - https:\/\/yoast.com\/wordpress\/plugins\/seo\/ -->\n<title>Architecture de jardin - Garden Design - Wemmel<\/title>\n<meta name=\"robots\" content=\"index, follow, max-snippet:-1, max-image-preview:large, max-video-preview:-1\" \/>\n<link rel=\"canonical\" href=\"https:\/\/www.gardendesign-wemmel.be\/fr\/services\/architecture-de-jardin\/\" \/>\n<meta property=\"og:locale\" content=\"fr_FR\" \/>\n<meta property=\"og:type\" content=\"article\" \/>\n<meta property=\"og:title\" content=\"Architecture de jardin - Garden Design - Wemmel\" \/>\n<meta property=\"og:description\" content=\"Architecture de jardin Faites am\u00e9nager votre jardin Patrick tout autant que Kenny sont des architectes de jardin reconnus. C&rsquo;est avec vous qu&rsquo;ils veilleront \u00e0 l&rsquo;\u00e9laboration de votre projet de jardin. C&rsquo;est avec vous qu&rsquo;ils proc\u00e9deront \u00e0 sa mise sur pied concr\u00e8te, en dressant un plan qui comportera une liste de mat\u00e9riaux dans le contexte d&rsquo;un [&hellip;]\" \/>\n<meta property=\"og:url\" content=\"https:\/\/www.gardendesign-wemmel.be\/fr\/services\/architecture-de-jardin\/\" \/>\n<meta property=\"og:site_name\" content=\"Garden Design - Wemmel\" \/>\n<meta property=\"article:modified_time\" content=\"2022-12-12T14:26:55+00:00\" \/>\n<meta name=\"twitter:card\" content=\"summary_large_image\" \/>\n<meta name=\"twitter:label1\" content=\"Dur\u00e9e de lecture estim\u00e9e\" \/>\n\t<meta name=\"twitter:data1\" content=\"1 minute\" \/>\n<script type=\"application\/ld+json\" class=\"yoast-schema-graph\">{\"@context\":\"https:\/\/schema.org\",\"@graph\":[{\"@type\":\"WebPage\",\"@id\":\"https:\/\/www.gardendesign-wemmel.be\/fr\/services\/architecture-de-jardin\/\",\"url\":\"https:\/\/www.gardendesign-wemmel.be\/fr\/services\/architecture-de-jardin\/\",\"name\":\"Architecture de jardin - Garden Design - Wemmel\",\"isPartOf\":{\"@id\":\"https:\/\/www.gardendesign-wemmel.be\/fr\/#website\"},\"datePublished\":\"2022-11-16T13:46:17+00:00\",\"dateModified\":\"2022-12-12T14:26:55+00:00\",\"breadcrumb\":{\"@id\":\"https:\/\/www.gardendesign-wemmel.be\/fr\/services\/architecture-de-jardin\/#breadcrumb\"},\"inLanguage\":\"fr-FR\",\"potentialAction\":[{\"@type\":\"ReadAction\",\"target\":[\"https:\/\/www.gardendesign-wemmel.be\/fr\/services\/architecture-de-jardin\/\"]}]},{\"@type\":\"BreadcrumbList\",\"@id\":\"https:\/\/www.gardendesign-wemmel.be\/fr\/services\/architecture-de-jardin\/#breadcrumb\",\"itemListElement\":[{\"@type\":\"ListItem\",\"position\":1,\"name\":\"Home\",\"item\":\"https:\/\/www.gardendesign-wemmel.be\/fr\/\"},{\"@type\":\"ListItem\",\"position\":2,\"name\":\"Services\",\"item\":\"https:\/\/www.gardendesign-wemmel.be\/fr\/services\/\"},{\"@type\":\"ListItem\",\"position\":3,\"name\":\"Architecture de jardin\"}]},{\"@type\":\"WebSite\",\"@id\":\"https:\/\/www.gardendesign-wemmel.be\/fr\/#website\",\"url\":\"https:\/\/www.gardendesign-wemmel.be\/fr\/\",\"name\":\"Garden Design - Wemmel\",\"description\":\"\",\"potentialAction\":[{\"@type\":\"SearchAction\",\"target\":{\"@type\":\"EntryPoint\",\"urlTemplate\":\"https:\/\/www.gardendesign-wemmel.be\/fr\/?s={search_term_string}\"},\"query-input\":\"required name=search_term_string\"}],\"inLanguage\":\"fr-FR\"}]}<\/script>\n<!-- \/ Yoast SEO plugin. -->","yoast_head_json":{"title":"Architecture de jardin - Garden Design - Wemmel","robots":{"index":"index","follow":"follow","max-snippet":"max-snippet:-1","max-image-preview":"max-image-preview:large","max-video-preview":"max-video-preview:-1"},"canonical":"https:\/\/www.gardendesign-wemmel.be\/fr\/services\/architecture-de-jardin\/","og_locale":"fr_FR","og_type":"article","og_title":"Architecture de jardin - Garden Design - Wemmel","og_description":"Architecture de jardin Faites am\u00e9nager votre jardin Patrick tout autant que Kenny sont des architectes de jardin reconnus. C&rsquo;est avec vous qu&rsquo;ils veilleront \u00e0 l&rsquo;\u00e9laboration de votre projet de jardin. C&rsquo;est avec vous qu&rsquo;ils proc\u00e9deront \u00e0 sa mise sur pied concr\u00e8te, en dressant un plan qui comportera une liste de mat\u00e9riaux dans le contexte d&rsquo;un [&hellip;]","og_url":"https:\/\/www.gardendesign-wemmel.be\/fr\/services\/architecture-de-jardin\/","og_site_name":"Garden Design - Wemmel","article_modified_time":"2022-12-12T14:26:55+00:00","twitter_card":"summary_large_image","twitter_misc":{"Dur\u00e9e de lecture estim\u00e9e":"1 minute"},"schema":{"@context":"https:\/\/schema.org","@graph":[{"@type":"WebPage","@id":"https:\/\/www.gardendesign-wemmel.be\/fr\/services\/architecture-de-jardin\/","url":"https:\/\/www.gardendesign-wemmel.be\/fr\/services\/architecture-de-jardin\/","name":"Architecture de jardin - Garden Design - Wemmel","isPartOf":{"@id":"https:\/\/www.gardendesign-wemmel.be\/fr\/#website"},"datePublished":"2022-11-16T13:46:17+00:00","dateModified":"2022-12-12T14:26:55+00:00","breadcrumb":{"@id":"https:\/\/www.gardendesign-wemmel.be\/fr\/services\/architecture-de-jardin\/#breadcrumb"},"inLanguage":"fr-FR","potentialAction":[{"@type":"ReadAction","target":["https:\/\/www.gardendesign-wemmel.be\/fr\/services\/architecture-de-jardin\/"]}]},{"@type":"BreadcrumbList","@id":"https:\/\/www.gardendesign-wemmel.be\/fr\/services\/architecture-de-jardin\/#breadcrumb","itemListElement":[{"@type":"ListItem","position":1,"name":"Home","item":"https:\/\/www.gardendesign-wemmel.be\/fr\/"},{"@type":"ListItem","position":2,"name":"Services","item":"https:\/\/www.gardendesign-wemmel.be\/fr\/services\/"},{"@type":"ListItem","position":3,"name":"Architecture de jardin"}]},{"@type":"WebSite","@id":"https:\/\/www.gardendesign-wemmel.be\/fr\/#website","url":"https:\/\/www.gardendesign-wemmel.be\/fr\/","name":"Garden Design - Wemmel","description":"","potentialAction":[{"@type":"SearchAction","target":{"@type":"EntryPoint","urlTemplate":"https:\/\/www.gardendesign-wemmel.be\/fr\/?s={search_term_string}"},"query-input":"required name=search_term_string"}],"inLanguage":"fr-FR"}]}},"_links":{"self":[{"href":"https:\/\/www.gardendesign-wemmel.be\/fr\/wp-json\/wp\/v2\/pages\/592"}],"collection":[{"href":"https:\/\/www.gardendesign-wemmel.be\/fr\/wp-json\/wp\/v2\/pages"}],"about":[{"href":"https:\/\/www.gardendesign-wemmel.be\/fr\/wp-json\/wp\/v2\/types\/page"}],"author":[{"embeddable":true,"href":"https:\/\/www.gardendesign-wemmel.be\/fr\/wp-json\/wp\/v2\/users\/1"}],"replies":[{"embeddable":true,"href":"https:\/\/www.gardendesign-wemmel.be\/fr\/wp-json\/wp\/v2\/comments?post=592"}],"version-history":[{"count":4,"href":"https:\/\/www.gardendesign-wemmel.be\/fr\/wp-json\/wp\/v2\/pages\/592\/revisions"}],"predecessor-version":[{"id":623,"href":"https:\/\/www.gardendesign-wemmel.be\/fr\/wp-json\/wp\/v2\/pages\/592\/revisions\/623"}],"up":[{"embeddable":true,"href":"https:\/\/www.gardendesign-wemmel.be\/fr\/wp-json\/wp\/v2\/pages\/591"}],"wp:attachment":[{"href":"https:\/\/www.gardendesign-wemmel.be\/fr\/wp-json\/wp\/v2\/media?parent=592"}],"curies":[{"name":"wp","href":"https:\/\/api.w.org\/{rel}","templated":true}]}}